{"id":5936,"date":"2024-07-30T17:57:54","date_gmt":"2024-07-30T15:57:54","guid":{"rendered":"https:\/\/rideyourfuture.org\/?post_type=tribe_events&#038;p=5936"},"modified":"2024-08-13T10:49:29","modified_gmt":"2024-08-13T08:49:29","slug":"ca-roule-a-ixelles","status":"publish","type":"tribe_events","link":"https:\/\/rideyourfuture.org\/nl\/event\/ca-roule-a-ixelles\/","title":{"rendered":"\u00c7a roule in Elsene - Akarova Wijk"},"content":{"rendered":"<div  class=\"tribe-events-schedule tribe-clearfix\" >\n\t<p class=\"tribe-events-schedule__datetime\">\n\t\t<span class=\"tribe-events-schedule__date tribe-events-schedule__date--start\">\n\t\t\t20 augustus 2024\t\t<\/span>\n\n\t\t\t\t\t<span class=\"tribe-events-schedule__separator tribe-events-schedule__separator--date\">\n\t\t\t\t @ \t\t\t<\/span>\n\t\t\t<span class=\"tribe-events-schedule__time tribe-events-schedule__time--start\">\n\t\t\t\t15:00\t\t\t<\/span>\n\t\t\n\t\t\t\t\t\t\t\t\t<span class=\"tribe-events-schedule__separator tribe-events-schedule__separator--time\">\n\t\t\t\t\t &#8211; \t\t\t\t<\/span>\n\t\t\t\n\t\t\t\t\t\t\t<span class=\"tribe-events-schedule__date tribe-events-schedule__date--end\">\n\t\t\t\t\t1 september 2024\t\t\t\t<\/span>\n\n\t\t\t\t\t\t\t\t\t<span class=\"tribe-events-schedule__separator tribe-events-schedule__separator--date\">\n\t\t\t\t\t\t @ \t\t\t\t\t<\/span>\n\t\t\t\t\t<span class=\"tribe-events-schedule__time tribe-events-schedule__time--end\">\n\t\t\t\t\t\t19:00\t\t\t\t\t<\/span>\n\t\t\t\t\n\t\t\t\n\t\t\t\t\t\t<\/p>\n<\/div>\n\n\n\n<p>Venez rouler sur Velomaster cet \u00e9t\u00e9 ! Rendez-vous \u00e0 quartier Akarova en face de la Chauss\u00e9e de Boitsfort 29 \u00e0 Ixelles du 19 ao\u00fbt au 1er septembre. Le parcours sera disponible tous les jours.<\/p>\n\n\n\n<p>Ride Your Future sera pr\u00e9sent avec des v\u00e9los et casques \u00e0 pr\u00eater et deux animateurs pour encadrer de 15h \u00e0 19h aux dates suivantes : 20.08 &#8211; 21.08 \u2013 22.08 &#8211; 23.06 \u2013 24.08 \u2013 30.08 \u2013 31.08 \u2013 01.09<\/p>\n\n\n\n<p>CYCLO DISCO: Soundsystem op de fiets en entertainment op 01.09 van 14.00 tot 18.00 uur.<\/p>\n\n\n\n<p>We verwachten jullie massaal. De activiteit is gratis! <\/p>\n\n\n\n<p>Merci \u00e0 Bruxelles Mobilit\u00e9s, Commune Ixelles, PCS Akarova. Dans le cadre de Bruxelles en Vacances.<\/p>\n\n\n\n<p><img fetchpriority=\"high\" decoding=\"async\" width=\"500\" height=\"707\" class=\"wp-image-5952\" style=\"width: 500px;\" src=\"http:\/\/rideyourfuture.org\/wp-content\/uploads\/2024\/07\/afficheA3-scaled.jpg\" alt=\"\" srcset=\"https:\/\/rideyourfuture.org\/wp-content\/uploads\/2024\/07\/afficheA3-scaled.jpg 1810w, https:\/\/rideyourfuture.org\/wp-content\/uploads\/2024\/07\/afficheA3-212x300.jpg 212w, https:\/\/rideyourfuture.org\/wp-content\/uploads\/2024\/07\/afficheA3-724x1024.jpg 724w\" sizes=\"(max-width: 500px) 100vw, 500px\" \/><\/p>\n\n\n\t<div  class=\"tribe-block tribe-block__events-link\" >\n\t\t<div class=\"tribe-events tribe-common\">\n\t\t\t<div class=\"tribe-events-c-subscribe-dropdown__container\">\n\t\t\t\t<div class=\"tribe-events-c-subscribe-dropdown\">\n\t\t\t\t\t<div class=\"tribe-common-c-btn-border tribe-events-c-subscribe-dropdown__button\">\n\t\t\t\t\t\t<svg\n\t class=\"tribe-common-c-svgicon tribe-common-c-svgicon--cal-export tribe-events-c-subscribe-dropdown__export-icon\" \taria-hidden=\"true\"\n\tviewbox=\"0 0 23 17\"\n\txmlns=\"http:\/\/www.w3.org\/2000\/svg\"\n>\n\t<path fill-rule=\"evenodd\" clip-rule=\"evenodd\" d=\"M.128.896V16.13c0 .211.145.383.323.383h15.354c.179 0 .323-.172.323-.383V.896c0-.212-.144-.383-.323-.383H.451C.273.513.128.684.128.896Zm16 6.742h-.901V4.679H1.009v10.729h14.218v-3.336h.901V7.638ZM1.01 1.614h14.218v2.058H1.009V1.614Z\" \/>\n\t<path d=\"M20.5 9.846H8.312M18.524 6.953l2.89 2.909-2.855 2.855\" stroke-width=\"1.2\" stroke-linecap=\"round\" stroke-linejoin=\"round\"\/>\n<\/svg>\n\t\t\t\t\t\t<button\n\t\t\t\t\t\t\tclass=\"tribe-events-c-subscribe-dropdown__button-text\"\n\t\t\t\t\t\t\taria-expanded=\"false\"\n\t\t\t\t\t\t\taria-controls=\"tribe-events-subscribe-dropdown-content\"\n\t\t\t\t\t\t\taria-label=\"Links weergeven om evenementen aan je kalender toe te voegen\"\n\t\t\t\t\t\t>\n\t\t\t\t\t\t\tToevoegen aan kalender\t\t\t\t\t\t<\/button>\n\t\t\t\t\t\t<svg\n\t class=\"tribe-common-c-svgicon tribe-common-c-svgicon--caret-down tribe-events-c-subscribe-dropdown__button-icon\" \taria-hidden=\"true\"\n\tviewbox=\"0 0 10 7\"\n\txmlns=\"http:\/\/www.w3.org\/2000\/svg\"\n>\n\t<path fill-rule=\"evenodd\" clip-rule=\"evenodd\" d=\"M1.008.609L5 4.6 8.992.61l.958.958L5 6.517.05 1.566l.958-.958z\" class=\"tribe-common-c-svgicon__svg-fill\"\/>\n<\/svg>\n\t\t\t\t\t<\/div>\n\t\t\t\t\t<div id=\"tribe-events-subscribe-dropdown-content\" class=\"tribe-events-c-subscribe-dropdown__content\">\n\t\t\t\t\t\t<ul class=\"tribe-events-c-subscribe-dropdown__list\">\n\t\t\t\t\t\t\t\t\t\t\t\t\t\t\t<li class=\"tribe-events-c-subscribe-dropdown__list-item tribe-events-c-subscribe-dropdown__list-item--gcal\">\n\t\t\t\t\t\t\t\t\t<a\n\t\t\t\t\t\t\t\t\t\thref=\"https:\/\/www.google.com\/calendar\/event?action=TEMPLATE&#038;dates=20240820T150000\/20240901T190000&#038;text=%C3%87a%20roule%20%C3%A0%20Ixelles%20%26%238211%3B%20Quartier%20Akarova&#038;details=%3Cp%3EVenez+rouler+sur+Velomaster+cet+%C3%A9t%C3%A9+%21+Rendez-vous+%C3%A0+quartier+Akarova+en+face+de+la+Chauss%C3%A9e+de+Boitsfort+29+%C3%A0+Ixelles+du+19+ao%C3%BBt+au+1er+septembre.+Le+parcours+sera+disponible+tous+les+jours.%3C%2Fp%3E+%3Cp%3ERide+Your+Future+sera+pr%C3%A9sent+avec+des+v%C3%A9los+et+casques+%C3%A0+pr%C3%AAter+et+deux+animateurs+pour+encadrer+de+15h+%C3%A0+19h+aux+dates+suivantes+%3A+20.08+-+21.08+%E2%80%93+22.08+-+23.06+%E2%80%93+24.08+%E2%80%93+30.08+%E2%80%93+31.08+%E2%80%93+01.09%3C%2Fp%3E+%3Cp%3ECYCLO+DISCO%3A+Sound+system+%C3%A0+V%C3%A9lo+et+diverses+animations+le+01.09+de+14h+%C3%A0+18h%3C%2Fp%3E+%3Cp%3EVenez+nombreux+et+nombreuses.+L%E2%80%99activit%C3%A9+est+gratuite+%21+%3C%2Fp%3E+%3Cp%3EMerci+%C3%A0+Bruxelles+Mobilit%C3%A9s%2C+Commune+Ixelles%2C+PCS+Akarova.+Dans+le+cadre+de+Bruxelles+en+Vacances.%3C%2Fp%3E+%3Cp%3E%3Cimg+class%3D%22wp-image-5952%22+style%3D%22width%3A+500px%3B%22+src%3D%22http%3A%2F%2Frideyourfuture.org%2Fwp-content%2Fuploads%2F2024%2F07%2FafficheA3-scaled.jpg%22+alt%3D%22%22%3E%3C%2Fp%3E+%3Cdiv+class%3D%22wp-block-tribe-tickets%22%3E%3C%2Fdiv%3E&#038;trp=false&#038;ctz=Europe\/Brussels&#038;sprop=website:https:\/\/rideyourfuture.org\/nl\"\n\t\t\t\t\t\t\t\t\t\tclass=\"tribe-events-c-subscribe-dropdown__list-item-link\"\n\t\t\t\t\t\t\t\t\t\ttarget=\"_blank\"\n\t\t\t\t\t\t\t\t\t\trel=\"noopener noreferrer nofollow noindex\"\n\t\t\t\t\t\t\t\t\t>\n\t\t\t\t\t\t\t\t\t\tGoogle Calendar\t\t\t\t\t\t\t\t\t<\/a>\n\t\t\t\t\t\t\t\t<\/li>\n\t\t\t\t\t\t\t\t\t\t\t\t\t\t\t<li class=\"tribe-events-c-subscribe-dropdown__list-item tribe-events-c-subscribe-dropdown__list-item--ical\">\n\t\t\t\t\t\t\t\t\t<a\n\t\t\t\t\t\t\t\t\t\thref=\"\"\n\t\t\t\t\t\t\t\t\t\tclass=\"tribe-events-c-subscribe-dropdown__list-item-link\"\n\t\t\t\t\t\t\t\t\t\ttarget=\"_blank\"\n\t\t\t\t\t\t\t\t\t\trel=\"noopener noreferrer nofollow noindex\"\n\t\t\t\t\t\t\t\t\t>\n\t\t\t\t\t\t\t\t\t\tiCalendar\t\t\t\t\t\t\t\t\t<\/a>\n\t\t\t\t\t\t\t\t<\/li>\n\t\t\t\t\t\t\t\t\t\t\t\t\t\t\t<li class=\"tribe-events-c-subscribe-dropdown__list-item tribe-events-c-subscribe-dropdown__list-item--outlook-365\">\n\t\t\t\t\t\t\t\t\t<a\n\t\t\t\t\t\t\t\t\t\thref=\"\"\n\t\t\t\t\t\t\t\t\t\tclass=\"tribe-events-c-subscribe-dropdown__list-item-link\"\n\t\t\t\t\t\t\t\t\t\ttarget=\"_blank\"\n\t\t\t\t\t\t\t\t\t\trel=\"noopener noreferrer nofollow noindex\"\n\t\t\t\t\t\t\t\t\t>\n\t\t\t\t\t\t\t\t\t\tOutlook 365\t\t\t\t\t\t\t\t\t<\/a>\n\t\t\t\t\t\t\t\t<\/li>\n\t\t\t\t\t\t\t\t\t\t\t\t\t\t\t<li class=\"tribe-events-c-subscribe-dropdown__list-item tribe-events-c-subscribe-dropdown__list-item--outlook-live\">\n\t\t\t\t\t\t\t\t\t<a\n\t\t\t\t\t\t\t\t\t\thref=\"\"\n\t\t\t\t\t\t\t\t\t\tclass=\"tribe-events-c-subscribe-dropdown__list-item-link\"\n\t\t\t\t\t\t\t\t\t\ttarget=\"_blank\"\n\t\t\t\t\t\t\t\t\t\trel=\"noopener noreferrer nofollow noindex\"\n\t\t\t\t\t\t\t\t\t>\n\t\t\t\t\t\t\t\t\t\tOutlook Live\t\t\t\t\t\t\t\t\t<\/a>\n\t\t\t\t\t\t\t\t<\/li>\n\t\t\t\t\t\t\t\t\t\t\t\t\t<\/ul>\n\t\t\t\t\t<\/div>\n\t\t\t\t<\/div>\n\t\t\t<\/div>\n\t\t<\/div>\n\t<\/div>","protected":false},"excerpt":{"rendered":"<p>Venez rouler sur Velomaster cet \u00e9t\u00e9 ! Rendez-vous \u00e0 quartier Akarova en face de la Chauss\u00e9e de Boitsfort 29 \u00e0 Ixelles du 19 ao\u00fbt au 1er septembre. Le parcours sera [&hellip;]<\/p>\n","protected":false},"author":5,"featured_media":5942,"template":"","meta":{"site-sidebar-layout":"default","site-content-layout":"","ast-site-content-layout":"default","site-content-style":"default","site-sidebar-style":"default","ast-global-header-display":"","ast-banner-title-visibility":"","ast-main-header-display":"","ast-hfb-above-header-display":"","ast-hfb-below-header-display":"","ast-hfb-mobile-header-display":"","site-post-title":"","ast-breadcrumbs-content":"","ast-featured-img":"","footer-sml-layout":"","theme-transparent-header-meta":"","adv-header-id-meta":"","stick-header-meta":"","header-above-stick-meta":"","header-main-stick-meta":"","header-below-stick-meta":"","astra-migrate-meta-layouts":"set","ast-page-background-enabled":"default","ast-page-background-meta":{"desktop":{"background-color":"var(--ast-global-color-4)","background-image":"","background-repeat":"repeat","background-position":"center center","background-size":"auto","background-attachment":"scroll","background-type":"","background-media":"","overlay-type":"","overlay-color":"","overlay-opacity":"","overlay-gradient":""},"tablet":{"background-color":"","background-image":"","background-repeat":"repeat","background-position":"center center","background-size":"auto","background-attachment":"scroll","background-type":"","background-media":"","overlay-type":"","overlay-color":"","overlay-opacity":"","overlay-gradient":""},"mobile":{"background-color":"","background-image":"","background-repeat":"repeat","background-position":"center center","background-size":"auto","background-attachment":"scroll","background-type":"","background-media":"","overlay-type":"","overlay-color":"","overlay-opacity":"","overlay-gradient":""}},"ast-content-background-meta":{"desktop":{"background-color":"var(--ast-global-color-5)","background-image":"","background-repeat":"repeat","background-position":"center center","background-size":"auto","background-attachment":"scroll","background-type":"","background-media":"","overlay-type":"","overlay-color":"","overlay-opacity":"","overlay-gradient":""},"tablet":{"background-color":"var(--ast-global-color-5)","background-image":"","background-repeat":"repeat","background-position":"center center","background-size":"auto","background-attachment":"scroll","background-type":"","background-media":"","overlay-type":"","overlay-color":"","overlay-opacity":"","overlay-gradient":""},"mobile":{"background-color":"var(--ast-global-color-5)","background-image":"","background-repeat":"repeat","background-position":"center center","background-size":"auto","background-attachment":"scroll","background-type":"","background-media":"","overlay-type":"","overlay-color":"","overlay-opacity":"","overlay-gradient":""}},"_price":"","_stock":"","_tribe_ticket_header":"","_tribe_default_ticket_provider":"TEC\\Tickets\\Commerce\\Module","_tribe_ticket_capacity":"0","_ticket_start_date":"","_ticket_end_date":"","_tribe_ticket_show_description":"","_tribe_ticket_show_not_going":false,"_tribe_ticket_use_global_stock":"","_tribe_ticket_global_stock_level":"","_global_stock_mode":"","_global_stock_cap":"","_tribe_rsvp_for_event":"","_tribe_ticket_going_count":"","_tribe_ticket_not_going_count":"","_tribe_tickets_list":"[]","_tribe_ticket_has_attendee_info_fields":false,"_EventAllDay":false,"_EventTimezone":"Europe\/Brussels","_EventStartDate":"2024-08-20 15:00:00","_EventEndDate":"2024-09-01 19:00:00","_EventStartDateUTC":"2024-08-20 13:00:00","_EventEndDateUTC":"2024-09-01 17:00:00","_EventShowMap":false,"_EventShowMapLink":false,"_EventURL":"","_EventCost":"","_EventCostDescription":"","_EventCurrencySymbol":"\u20ac","_EventCurrencyCode":"EUR","_EventCurrencyPosition":"prefix","_EventDateTimeSeparator":" @ ","_EventTimeRangeSeparator":" - ","_EventOrganizerID":[],"_EventVenueID":[],"_OrganizerEmail":"","_OrganizerPhone":"","_OrganizerWebsite":"","_VenueAddress":"","_VenueCity":"","_VenueCountry":"","_VenueProvince":"","_VenueState":"","_VenueZip":"","_VenuePhone":"","_VenueURL":"","_VenueStateProvince":"","_VenueLat":"","_VenueLng":"","_VenueShowMap":false,"_VenueShowMapLink":false,"_tribe_events_status":"","_tribe_events_status_reason":"","footnotes":"","_tec_slr_enabled":"","_tec_slr_layout":""},"tags":[],"tribe_events_cat":[],"class_list":["post-5936","tribe_events","type-tribe_events","status-publish","has-post-thumbnail","hentry"],"ticketed":false,"_links":{"self":[{"href":"https:\/\/rideyourfuture.org\/nl\/wp-json\/wp\/v2\/tribe_events\/5936","targetHints":{"allow":["GET"]}}],"collection":[{"href":"https:\/\/rideyourfuture.org\/nl\/wp-json\/wp\/v2\/tribe_events"}],"about":[{"href":"https:\/\/rideyourfuture.org\/nl\/wp-json\/wp\/v2\/types\/tribe_events"}],"author":[{"embeddable":true,"href":"https:\/\/rideyourfuture.org\/nl\/wp-json\/wp\/v2\/users\/5"}],"version-history":[{"count":5,"href":"https:\/\/rideyourfuture.org\/nl\/wp-json\/wp\/v2\/tribe_events\/5936\/revisions"}],"predecessor-version":[{"id":5957,"href":"https:\/\/rideyourfuture.org\/nl\/wp-json\/wp\/v2\/tribe_events\/5936\/revisions\/5957"}],"wp:featuredmedia":[{"embeddable":true,"href":"https:\/\/rideyourfuture.org\/nl\/wp-json\/wp\/v2\/media\/5942"}],"wp:attachment":[{"href":"https:\/\/rideyourfuture.org\/nl\/wp-json\/wp\/v2\/media?parent=5936"}],"wp:term":[{"taxonomy":"post_tag","embeddable":true,"href":"https:\/\/rideyourfuture.org\/nl\/wp-json\/wp\/v2\/tags?post=5936"},{"taxonomy":"tribe_events_cat","embeddable":true,"href":"https:\/\/rideyourfuture.org\/nl\/wp-json\/wp\/v2\/tribe_events_cat?post=5936"}],"curies":[{"name":"wp","href":"https:\/\/api.w.org\/{rel}","templated":true}]}}